{"id":16415,"date":"2025-08-07T10:31:32","date_gmt":"2025-08-07T10:31:32","guid":{"rendered":"https:\/\/visitbodo.com\/bransjenett\/?page_id=16415"},"modified":"2025-09-26T10:34:19","modified_gmt":"2025-09-26T10:34:19","slug":"baerekraft","status":"publish","type":"page","link":"https:\/\/visitbodo.com\/bransjenett\/baerekraft\/","title":{"rendered":"B\u00e6rekraft"},"content":{"rendered":"\n\t<div style=\"--t2-hero-dim:0.5;\" class=\"t2-hero t2-hero-content-position-center-center t2-hero-has-dim-50 t2-hero-has-fullsize-image alignfull wp-block-t2-hero\">\n\t\t<img loading=\"lazy\" decoding=\"async\" width=\"1920\" height=\"1536\" src=\"https:\/\/v.imgi.no\/visitbodo-2614-703636044fcdd1a73a4343633626de93-1920x1536\/2022_05_steigen_engeloya_trohornet001_frank-r-dahl-kopi-scaled.jpg\" class=\"t2-hero__image\" alt=\"\" style=\"object-position: 50% 50%;\" srcset=\"https:\/\/v.imgi.no\/visitbodo-2614-703636044fcdd1a73a4343633626de93-150x120\/2022_05_steigen_engeloya_trohornet001_frank-r-dahl-kopi-scaled.jpg 150w, https:\/\/v.imgi.no\/visitbodo-2614-703636044fcdd1a73a4343633626de93-300x240\/2022_05_steigen_engeloya_trohornet001_frank-r-dahl-kopi-scaled.jpg 300w, https:\/\/v.imgi.no\/visitbodo-2614-703636044fcdd1a73a4343633626de93-768x614\/2022_05_steigen_engeloya_trohornet001_frank-r-dahl-kopi-scaled.jpg 768w, https:\/\/v.imgi.no\/visitbodo-2614-703636044fcdd1a73a4343633626de93-1024x819\/2022_05_steigen_engeloya_trohornet001_frank-r-dahl-kopi-scaled.jpg 1024w, https:\/\/v.imgi.no\/visitbodo-2614-703636044fcdd1a73a4343633626de93-1536x1229\/2022_05_steigen_engeloya_trohornet001_frank-r-dahl-kopi-scaled.jpg 1536w, https:\/\/v.imgi.no\/visitbodo-2614-703636044fcdd1a73a4343633626de93-2048x1638\/2022_05_steigen_engeloya_trohornet001_frank-r-dahl-kopi-scaled.jpg 2048w, https:\/\/v.imgi.no\/visitbodo-2614-703636044fcdd1a73a4343633626de93-1176x940\/2022_05_steigen_engeloya_trohornet001_frank-r-dahl-kopi-scaled.jpg 1176w, https:\/\/v.imgi.no\/visitbodo-2614-703636044fcdd1a73a4343633626de93-1920x1536\/2022_05_steigen_engeloya_trohornet001_frank-r-dahl-kopi-scaled.jpg 1920w\" sizes=\"auto, (max-width: 2048px) 100vw, 2048px\" \/><span class=\"t2-image-credit\">\n\t\t\t\t<button type=\"button\" class=\"t2-image-credit-toggle\" aria-expanded=\"false\" aria-controls=\"image-credit\" aria-label=\"Toggle image credit\"><svg xmlns=\"http:\/\/www.w3.org\/2000\/svg\" viewBox=\"0 0 24 24\" height=\"24\" width=\"24\" class=\"t2-icon t2-icon-info\" aria-hidden=\"true\" focusable=\"false\"><path d=\"M12 17c.3 0 .5-.1.7-.3s.3-.4.3-.7v-4c0-.3-.1-.5-.3-.7-.2-.2-.4-.3-.7-.3s-.5.1-.7.3c-.2.2-.3.4-.3.7v4c0 .3.1.5.3.7s.4.3.7.3zm0-8c.3 0 .5-.1.7-.3.2-.2.3-.4.3-.7 0-.3-.1-.5-.3-.7-.2-.2-.4-.3-.7-.3s-.5.1-.7.3c-.2.2-.3.4-.3.7 0 .3.1.5.3.7.2.2.4.3.7.3zm0 13c-1.4 0-2.7-.3-3.9-.8-1.2-.5-2.3-1.2-3.2-2.1s-1.6-2-2.1-3.2S2 13.4 2 12s.3-2.7.8-3.9S4 5.8 4.9 4.9s2-1.6 3.2-2.1S10.6 2 12 2s2.7.3 3.9.8 2.3 1.2 3.2 2.1 1.6 2 2.1 3.2c.5 1.2.8 2.5.8 3.9s-.3 2.7-.8 3.9c-.5 1.2-1.2 2.3-2.1 3.2s-2 1.6-3.2 2.1c-1.2.5-2.5.8-3.9.8z\" fill=\"currentColor\" \/><\/svg><\/button>\n\t\t\t\t<span class=\"t2-image-credit-text wp-element-caption\" id=\"image-credit\" hidden>Frank R. Dahl<\/span>\n\t\t\t<\/span>\n\t\t<div class=\"t2-hero__header\"><div class=\"t2-hero__header__content\">\n<h1 class=\"has-text-align-center alignwide wp-block-post-title\">B\u00e6rekraft<\/h1>\n\n\n<p class=\"wp-block-paragraph has-text-align-center\">Her finner du oversikt over v\u00e5re viktigste b\u00e6rekraftstiltak og relevant dokumentasjon.<\/p>\n\n\n\n<div class=\"wp-block-buttons is-layout-flex wp-block-buttons-is-layout-flex\"><\/div>\n\n<\/div><\/div>\n\t<\/div>\n\n\n<h1 class=\"wp-block-heading alignwide has-text-align-center has-primary-dark-pink-color has-text-color\" id=\"h-baerekraftig-reisemalsutvikling\">B\u00e6rekraftig reisem\u00e5lsutvikling<\/h1>\n\n\n<p class=\"t2-ingress has-text-align-center alignwide wp-block-t2-ingress\">Vi jobber for en helhetlig og ansvarlig utvikling av reiselivet i Bod\u00f8 og Salten \u2013 i tett samarbeid med n\u00e6ringsliv, kommuner og lokalsamfunn.<\/p>\n\n\n<div class=\"wp-block-cover alignfull is-light has-parallax\"><span aria-hidden=\"true\" class=\"wp-block-cover__background has-background-dim\"><\/span><div role=\"img\" class=\"wp-block-cover__image-background wp-image-15507 has-parallax\" style=\"background-position:50% 50%;background-image:url(https:\/\/v.imgi.no\/visitbodo-15507-997c9d1c41c58ed311995bfdc998bc9c-5187x3458\/bodo-9.jpg)\"><\/div><div class=\"wp-block-cover__inner-container is-layout-constrained wp-block-cover-is-layout-constrained\">\n<h1 class=\"wp-block-heading has-text-align-center has-neutrals-white-color has-text-color\" id=\"h-bodo-som-baerekraftig-reisemal\">Bod\u00f8 som b\u00e6rekraftig reisem\u00e5l<\/h1>\n<\/div><span class=\"t2-image-credit\">\n\t\t\t\t<button type=\"button\" class=\"t2-image-credit-toggle\" aria-expanded=\"false\" aria-controls=\"image-credit-1\" aria-label=\"Toggle image credit\"><svg xmlns=\"http:\/\/www.w3.org\/2000\/svg\" viewBox=\"0 0 24 24\" height=\"24\" width=\"24\" class=\"t2-icon t2-icon-info\" aria-hidden=\"true\" focusable=\"false\"><path d=\"M12 17c.3 0 .5-.1.7-.3s.3-.4.3-.7v-4c0-.3-.1-.5-.3-.7-.2-.2-.4-.3-.7-.3s-.5.1-.7.3c-.2.2-.3.4-.3.7v4c0 .3.1.5.3.7s.4.3.7.3zm0-8c.3 0 .5-.1.7-.3.2-.2.3-.4.3-.7 0-.3-.1-.5-.3-.7-.2-.2-.4-.3-.7-.3s-.5.1-.7.3c-.2.2-.3.4-.3.7 0 .3.1.5.3.7.2.2.4.3.7.3zm0 13c-1.4 0-2.7-.3-3.9-.8-1.2-.5-2.3-1.2-3.2-2.1s-1.6-2-2.1-3.2S2 13.4 2 12s.3-2.7.8-3.9S4 5.8 4.9 4.9s2-1.6 3.2-2.1S10.6 2 12 2s2.7.3 3.9.8 2.3 1.2 3.2 2.1 1.6 2 2.1 3.2c.5 1.2.8 2.5.8 3.9s-.3 2.7-.8 3.9c-.5 1.2-1.2 2.3-2.1 3.2s-2 1.6-3.2 2.1c-1.2.5-2.5.8-3.9.8z\" fill=\"currentColor\" \/><\/svg><\/button>\n\t\t\t\t<span class=\"t2-image-credit-text wp-element-caption\" id=\"image-credit-1\" hidden>Zdeno Dvorak<\/span>\n\t\t\t<\/span><\/div>\n\n\n\n<h2 class=\"wp-block-heading has-text-align-left has-secondary-dark-color-color has-text-color\" id=\"h-bodo-er-merket-som-baerekraftig-reisemal\">Bod\u00f8 er merket som b\u00e6rekraftig reisem\u00e5l. <\/h2>\n\n\n\n<p class=\"wp-block-paragraph\">Dette er en nasjonal merkeordning etablert av Innovasjon Norge, og gjelder hele destinasjonen Bod\u00f8 \u2013 ikke \u00e9n enkelt bedrift eller organisasjon.<\/p>\n\n\n\n<p class=\"wp-block-paragraph\">Bod\u00f8 oppn\u00e5dde f\u00f8rste gang merket for B\u00e6rekraftig reisem\u00e5l i september 2022. Vi ble remerket i september 2025.&nbsp;<\/p>\n\n\n\n<figure class=\"wp-block-image size-full\"><img loading=\"lazy\" decoding=\"async\" srcset=\"https:\/\/v.imgi.no\/visitbodo-16254-734dc0bbc1aa2c95193c03222a66a28b-150x72\/sustainable-destionation-english-innovation-norway-_brand-norway-1.jpg 150w, https:\/\/v.imgi.no\/visitbodo-16254-734dc0bbc1aa2c95193c03222a66a28b-300x143\/sustainable-destionation-english-innovation-norway-_brand-norway-1.jpg 300w, https:\/\/v.imgi.no\/visitbodo-16254-734dc0bbc1aa2c95193c03222a66a28b-768x366\/sustainable-destionation-english-innovation-norway-_brand-norway-1.jpg 768w, https:\/\/v.imgi.no\/visitbodo-16254-734dc0bbc1aa2c95193c03222a66a28b-1024x489\/sustainable-destionation-english-innovation-norway-_brand-norway-1.jpg 1024w, https:\/\/v.imgi.no\/visitbodo-16254-734dc0bbc1aa2c95193c03222a66a28b-1530x730\/sustainable-destionation-english-innovation-norway-_brand-norway-1.jpg 1530w, https:\/\/v.imgi.no\/visitbodo-16254-734dc0bbc1aa2c95193c03222a66a28b-1530x730\/sustainable-destionation-english-innovation-norway-_brand-norway-1.jpg 1530w, https:\/\/v.imgi.no\/visitbodo-16254-734dc0bbc1aa2c95193c03222a66a28b-1176x561\/sustainable-destionation-english-innovation-norway-_brand-norway-1.jpg 1176w, https:\/\/v.imgi.no\/visitbodo-16254-734dc0bbc1aa2c95193c03222a66a28b-1530x730\/sustainable-destionation-english-innovation-norway-_brand-norway-1.jpg 1530w, https:\/\/v.imgi.no\/visitbodo-16254-734dc0bbc1aa2c95193c03222a66a28b-1530x730\/sustainable-destionation-english-innovation-norway-_brand-norway-1.jpg 1530w, https:\/\/v.imgi.no\/visitbodo-16254-734dc0bbc1aa2c95193c03222a66a28b-1530x730\/sustainable-destionation-english-innovation-norway-_brand-norway-1.jpg 1530w\" sizes=\"(max-width: 1530px) 100vw, 1530px\" src=\"https:\/\/v.imgi.no\/visitbodo-16254-734dc0bbc1aa2c95193c03222a66a28b-1530x730\/sustainable-destionation-english-innovation-norway-_brand-norway-1.jpg\" alt=\"B\u00e6rekraftig reisem\u00e5l logo positiv\" class=\"imageshop-document-id-7559780 wp-image-16254\"\/ height=\"1530\" width=\"730\"><\/figure>\n\n\n\n<h3 class=\"wp-block-heading has-secondary-dark-color-color has-text-color\" id=\"h-hva-innebaerer-merket\">Hva inneb\u00e6rer merket?<\/h3>\n\n\n\n<ul class=\"wp-block-list\">\n<li>Langsiktig arbeid innen milj\u00f8, \u00f8konomi og sosiale forhold<\/li>\n\n\n\n<li>Tett samarbeid mellom kommune, reiseliv og lokalsamfunn<\/li>\n\n\n\n<li>Unders\u00f8kelser blant gjester, innbyggere og n\u00e6ringsliv<\/li>\n\n\n\n<li>\u00c5rlig rapportering og resertifisering hvert tredje \u00e5r<\/li>\n\n\n\n<li>Krav om kontinuerlig forbedring og dokumentasjon<\/li>\n<\/ul>\n\n\n\n<p class=\"wp-block-paragraph\">M\u00e5let er at Bod\u00f8 skal v\u00e6re et reisem\u00e5l som skaper lokal verdi, gir gode opplevelser \u2013 og som tar hensyn til b\u00e5de folk, natur og framtid.<\/p>\n\n\n\n<h3 class=\"wp-block-heading has-secondary-dark-color-color has-text-color\" id=\"h-remerket-i-2025\">Remerket i 2025<\/h3>\n\n\n\n<p class=\"wp-block-paragraph\">At Bod\u00f8 n\u00e5 er remerket som b\u00e6rekraftig reisem\u00e5l er et viktig kvalitetsstempel. Det gir oss et sterkere salgsargument n\u00e5r vi markedsf\u00f8rer regionen, og viser at vi tar ansvar for b\u00e5de milj\u00f8, kultur og lokalsamfunn.<\/p>\n\n\n\n<div class=\"wp-block-buttons is-layout-flex wp-block-buttons-is-layout-flex\">\n<div class=\"wp-block-button\"><a class=\"wp-block-button__link wp-element-button\" href=\"https:\/\/visitbodo.com\/bransjenett\/bodo-er-remerket-som-baerekraftig-reisemal\/\">Les mer<\/a><\/div>\n<\/div>\n\n\n\n<h3 class=\"wp-block-heading has-secondary-dark-color-color has-text-color\" id=\"h-visit-bodo-sin-rolle-0\">Visit Bod\u00f8 sin rolle<\/h3>\n\n\n\n<p class=\"wp-block-paragraph\">Visit Bod\u00f8 har hatt prosjektlederansvar for prosessen med \u00e5 oppn\u00e5 merket, i tett samarbeid med Bod\u00f8 kommune, reiselivsn\u00e6ringen og andre lokale akt\u00f8rer. Vi har ogs\u00e5 ansvaret for den videre oppf\u00f8lgingen og koordineringen av arbeidet med b\u00e6rekraftig reisem\u00e5lsutvikling.<\/p>\n\n\n\n<h3 class=\"wp-block-heading has-secondary-dark-color-color has-text-color\" id=\"h-rapporter-bodo-som-baerekraftig-reisemal\">Rapporter Bod\u00f8 som b\u00e6rekraftig reisem\u00e5l<\/h3>\n\n\n<ul class=\"t2-link-list has-2-items has-1-columns wp-block-t2-link-list\">\n\t<li class=\"t2-link-list-item wp-block-t2-link-list-item\">\n\t\t<a\n\t\t\thref=\"https:\/\/visitbodo.com\/content\/uploads\/2024\/05\/Arsrapport-Bodo-2024.pdf\"\n\t\t\tclass=\"t2-link-list-item__link t2-link-list__icon--left\"\n\t\t\trel=\"noreferrer noopener\" target=\"_blank\"\t\t>\n\t\t\t<span class=\"t2-link-list-item__icon\"><span class=\"t2-link-list-item__icon-box\"><\/span><svg xmlns=\"http:\/\/www.w3.org\/2000\/svg\" viewBox=\"0 0 24 24\" height=\"24\" width=\"24\" class=\"t2-icon t2-icon-linkexternal\" aria-hidden=\"true\" focusable=\"false\"><path d=\"M5 21c-.5 0-1-.2-1.4-.6S3 19.6 3 19V5c0-.6.2-1 .6-1.4S4.5 3 5 3h6c.3 0 .5.1.7.3.2.2.3.4.3.7 0 .3-.1.5-.3.7-.2.2-.4.3-.7.3H5v14h14v-6c0-.3.1-.5.3-.7.2-.2.4-.3.7-.3s.5.1.7.3c.2.2.3.4.3.7v6c0 .6-.2 1-.6 1.4s-.8.6-1.4.6H5zm4-6c-.2-.2-.3-.4-.3-.7s.1-.5.3-.7L17.6 5H15c-.3 0-.5-.1-.7-.3-.2-.2-.3-.4-.3-.7 0-.3.1-.5.3-.7.2-.2.4-.3.7-.3h5c.3 0 .5.1.7.3.2.2.3.4.3.7v5c0 .3-.1.5-.3.7-.2.2-.4.3-.7.3s-.5-.1-.7-.3c-.2-.2-.3-.4-.3-.7V6.4L10.4 15c-.2.2-.4.3-.7.3s-.5-.1-.7-.3z\" fill=\"currentColor\" \/><\/svg><\/span>\t\t\t<div class=\"t2-link-list-item__content\">\n\n\t\t\t\t\n\t\t\t\t<span id=\"link-list-item-text\" class=\"t2-link-list-item__text\">\n\t\t\t\t\t\u00c5rsrapport Bod\u00f8 b\u00e6rekraftig reisem\u00e5l\t\t\t\t<\/span>\n\t\t\t\t<span id=\"link-list-item-description\" class=\"t2-link-list-item__description\">2023<\/span>\t\t\t<\/div>\n\t\t<\/a>\n\t<\/li>\n\t\n\n\t<li class=\"t2-link-list-item wp-block-t2-link-list-item\">\n\t\t<a\n\t\t\thref=\"https:\/\/visitbodo.com\/content\/uploads\/2025\/04\/Arsrapport-Bodo-Baerekraftig-reismal.pdf\"\n\t\t\tclass=\"t2-link-list-item__link t2-link-list__icon--left\"\n\t\t\trel=\"noreferrer noopener\" target=\"_blank\"\t\t>\n\t\t\t<span class=\"t2-link-list-item__icon\"><span class=\"t2-link-list-item__icon-box\"><\/span><svg xmlns=\"http:\/\/www.w3.org\/2000\/svg\" viewBox=\"0 0 24 24\" height=\"24\" width=\"24\" class=\"t2-icon t2-icon-linkexternal\" aria-hidden=\"true\" focusable=\"false\"><path d=\"M5 21c-.5 0-1-.2-1.4-.6S3 19.6 3 19V5c0-.6.2-1 .6-1.4S4.5 3 5 3h6c.3 0 .5.1.7.3.2.2.3.4.3.7 0 .3-.1.5-.3.7-.2.2-.4.3-.7.3H5v14h14v-6c0-.3.1-.5.3-.7.2-.2.4-.3.7-.3s.5.1.7.3c.2.2.3.4.3.7v6c0 .6-.2 1-.6 1.4s-.8.6-1.4.6H5zm4-6c-.2-.2-.3-.4-.3-.7s.1-.5.3-.7L17.6 5H15c-.3 0-.5-.1-.7-.3-.2-.2-.3-.4-.3-.7 0-.3.1-.5.3-.7.2-.2.4-.3.7-.3h5c.3 0 .5.1.7.3.2.2.3.4.3.7v5c0 .3-.1.5-.3.7-.2.2-.4.3-.7.3s-.5-.1-.7-.3c-.2-.2-.3-.4-.3-.7V6.4L10.4 15c-.2.2-.4.3-.7.3s-.5-.1-.7-.3z\" fill=\"currentColor\" \/><\/svg><\/span>\t\t\t<div class=\"t2-link-list-item__content\">\n\n\t\t\t\t\n\t\t\t\t<span id=\"link-list-item-text-1\" class=\"t2-link-list-item__text\">\n\t\t\t\t\t\u00c5rsrapport Bod\u00f8 b\u00e6rekraftig reisem\u00e5l\t\t\t\t<\/span>\n\t\t\t\t<span id=\"link-list-item-description-1\" class=\"t2-link-list-item__description\">2024<\/span>\t\t\t<\/div>\n\t\t<\/a>\n\t<\/li>\n\t\n<\/ul>\n\n\n<div class=\"wp-block-cover alignfull\"><span aria-hidden=\"true\" class=\"wp-block-cover__background has-background-dim\"><\/span><img decoding=\"async\" class=\"imageshop-document-id-4455927 wp-block-cover__image-background wp-image-8098\" alt=\"Nordlys \" srcset=\"https:\/\/v.imgi.no\/visitbodo-8098-bddc671a4d64b99e55ff08c28be44317-150x108\/nordlys-fra-jakobsbakken-_zdeno-dvorak.jpg 150w, https:\/\/v.imgi.no\/visitbodo-8098-bddc671a4d64b99e55ff08c28be44317-300x215\/nordlys-fra-jakobsbakken-_zdeno-dvorak.jpg 300w, https:\/\/v.imgi.no\/visitbodo-8098-bddc671a4d64b99e55ff08c28be44317-768x551\/nordlys-fra-jakobsbakken-_zdeno-dvorak.jpg 768w, https:\/\/v.imgi.no\/visitbodo-8098-bddc671a4d64b99e55ff08c28be44317-1024x735\/nordlys-fra-jakobsbakken-_zdeno-dvorak.jpg 1024w, https:\/\/v.imgi.no\/visitbodo-8098-bddc671a4d64b99e55ff08c28be44317-1536x1103\/nordlys-fra-jakobsbakken-_zdeno-dvorak.jpg 1536w, https:\/\/v.imgi.no\/visitbodo-8098-bddc671a4d64b99e55ff08c28be44317-2048x1471\/nordlys-fra-jakobsbakken-_zdeno-dvorak.jpg 2048w, https:\/\/v.imgi.no\/visitbodo-8098-bddc671a4d64b99e55ff08c28be44317-1176x844\/nordlys-fra-jakobsbakken-_zdeno-dvorak.jpg 1176w, https:\/\/v.imgi.no\/visitbodo-8098-bddc671a4d64b99e55ff08c28be44317-1920x1379\/nordlys-fra-jakobsbakken-_zdeno-dvorak.jpg 1920w\" sizes=\"(max-width: 2048px) 100vw, 2048px\" src=\"https:\/\/v.imgi.no\/visitbodo-8098-bddc671a4d64b99e55ff08c28be44317-4603x3306\/nordlys-fra-jakobsbakken-_zdeno-dvorak.jpg\" data-object-fit=\"cover\"\/><div class=\"wp-block-cover__inner-container is-layout-constrained wp-block-cover-is-layout-constrained\">\n<h1 class=\"wp-block-heading has-text-align-center\" id=\"h-miljofyrtarn\">Milj\u00f8fyrt\u00e5rn<\/h1>\n<\/div><span class=\"t2-image-credit\">\n\t\t\t\t<button type=\"button\" class=\"t2-image-credit-toggle\" aria-expanded=\"false\" aria-controls=\"image-credit-2\" aria-label=\"Toggle image credit\"><svg xmlns=\"http:\/\/www.w3.org\/2000\/svg\" viewBox=\"0 0 24 24\" height=\"24\" width=\"24\" class=\"t2-icon t2-icon-info\" aria-hidden=\"true\" focusable=\"false\"><path d=\"M12 17c.3 0 .5-.1.7-.3s.3-.4.3-.7v-4c0-.3-.1-.5-.3-.7-.2-.2-.4-.3-.7-.3s-.5.1-.7.3c-.2.2-.3.4-.3.7v4c0 .3.1.5.3.7s.4.3.7.3zm0-8c.3 0 .5-.1.7-.3.2-.2.3-.4.3-.7 0-.3-.1-.5-.3-.7-.2-.2-.4-.3-.7-.3s-.5.1-.7.3c-.2.2-.3.4-.3.7 0 .3.1.5.3.7.2.2.4.3.7.3zm0 13c-1.4 0-2.7-.3-3.9-.8-1.2-.5-2.3-1.2-3.2-2.1s-1.6-2-2.1-3.2S2 13.4 2 12s.3-2.7.8-3.9S4 5.8 4.9 4.9s2-1.6 3.2-2.1S10.6 2 12 2s2.7.3 3.9.8 2.3 1.2 3.2 2.1 1.6 2 2.1 3.2c.5 1.2.8 2.5.8 3.9s-.3 2.7-.8 3.9c-.5 1.2-1.2 2.3-2.1 3.2s-2 1.6-3.2 2.1c-1.2.5-2.5.8-3.9.8z\" fill=\"currentColor\" \/><\/svg><\/button>\n\t\t\t\t<span class=\"t2-image-credit-text wp-element-caption\" id=\"image-credit-2\" hidden>Zdeno Dvorak<\/span>\n\t\t\t<\/span><\/div>\n\n\n\n<h2 class=\"wp-block-heading has-text-align-left has-secondary-dark-color-color has-text-color\" id=\"h-visit-bodo-er-miljofyrtarnsertifisert\">Visit Bod\u00f8 er milj\u00f8fyrt\u00e5rnsertifisert.<\/h2>\n\n\n\n<p class=\"wp-block-paragraph\">Dette betyr at vi jobber systematisk med \u00e5 redusere v\u00e5rt klimaavtrykk og forbedre v\u00e5re milj\u00f8prestasjoner.<\/p>\n\n\n\n<p class=\"wp-block-paragraph\">Gjennom sertifiseringen forplikter vi oss til:<\/p>\n\n\n\n<ul class=\"wp-block-list\">\n<li>\u00c5 f\u00f8lge tydelige milj\u00f8krav innen avfall, energi, innkj\u00f8p og transport<\/li>\n\n\n\n<li>\u00c5 \u00e5rlig rapportere og evaluere v\u00e5r innsats<\/li>\n\n\n\n<li>\u00c5 skape en gr\u00f8nnere organisasjon og bidra positivt til fellesskapet<\/li>\n<\/ul>\n\n\n\n<figure class=\"wp-block-image size-full is-resized\"><img loading=\"lazy\" decoding=\"async\" srcset=\"https:\/\/v.imgi.no\/visitbodo-16375-770d7d1dbb55318c3cd63df600cb4d15-150x128\/2025_08_miljofyrtarnlogo-farger-rgb.jpg 150w, https:\/\/v.imgi.no\/visitbodo-16375-770d7d1dbb55318c3cd63df600cb4d15-300x255\/2025_08_miljofyrtarnlogo-farger-rgb.jpg 300w, https:\/\/v.imgi.no\/visitbodo-16375-770d7d1dbb55318c3cd63df600cb4d15-555x472\/2025_08_miljofyrtarnlogo-farger-rgb.jpg 555w, https:\/\/v.imgi.no\/visitbodo-16375-770d7d1dbb55318c3cd63df600cb4d15-555x472\/2025_08_miljofyrtarnlogo-farger-rgb.jpg 555w, https:\/\/v.imgi.no\/visitbodo-16375-770d7d1dbb55318c3cd63df600cb4d15-555x472\/2025_08_miljofyrtarnlogo-farger-rgb.jpg 555w, https:\/\/v.imgi.no\/visitbodo-16375-770d7d1dbb55318c3cd63df600cb4d15-555x472\/2025_08_miljofyrtarnlogo-farger-rgb.jpg 555w, https:\/\/v.imgi.no\/visitbodo-16375-770d7d1dbb55318c3cd63df600cb4d15-555x472\/2025_08_miljofyrtarnlogo-farger-rgb.jpg 555w, https:\/\/v.imgi.no\/visitbodo-16375-770d7d1dbb55318c3cd63df600cb4d15-555x472\/2025_08_miljofyrtarnlogo-farger-rgb.jpg 555w, https:\/\/v.imgi.no\/visitbodo-16375-770d7d1dbb55318c3cd63df600cb4d15-555x472\/2025_08_miljofyrtarnlogo-farger-rgb.jpg 555w, https:\/\/v.imgi.no\/visitbodo-16375-770d7d1dbb55318c3cd63df600cb4d15-555x472\/2025_08_miljofyrtarnlogo-farger-rgb.jpg 555w\" sizes=\"(max-width: 555px) 100vw, 555px\" src=\"https:\/\/v.imgi.no\/visitbodo-16375-770d7d1dbb55318c3cd63df600cb4d15-555x472\/2025_08_miljofyrtarnlogo-farger-rgb.jpg\" alt=\"\" class=\"imageshop-document-id-7572463 wp-image-16375\" style=\"aspect-ratio:1.1758474576271187;width:131px;height:auto\"\/ height=\"555\" width=\"472\"><\/figure>\n\n\n\n<h3 class=\"wp-block-heading has-secondary-dark-color-color has-text-color\" id=\"h-miljofyrtarnrapporter\">Milj\u00f8fyrt\u00e5rnrapporter<\/h3>\n\n\n\n<p class=\"wp-block-paragraph\">Her finner du rapporter p\u00e5 hvordan vi ligger an i forhold til v\u00e5re m\u00e5lsettinger som milj\u00f8fyrt\u00e5rnsertifisert bedrift.<\/p>\n\n\n<ul class=\"t2-link-list has-5-items has-1-columns wp-block-t2-link-list\">\n\t<li class=\"t2-link-list-item wp-block-t2-link-list-item\">\n\t\t<a\n\t\t\thref=\"https:\/\/visitbodo.com\/content\/uploads\/2024\/12\/Statistikk-Visit-Bodo-Miljofyrtarn-2019.pdf\"\n\t\t\tclass=\"t2-link-list-item__link t2-link-list__icon--left\"\n\t\t\trel=\"noreferrer noopener\" target=\"_blank\"\t\t>\n\t\t\t<span class=\"t2-link-list-item__icon\"><span class=\"t2-link-list-item__icon-box\"><\/span><svg xmlns=\"http:\/\/www.w3.org\/2000\/svg\" viewBox=\"0 0 24 24\" height=\"24\" width=\"24\" class=\"t2-icon t2-icon-linkexternal\" aria-hidden=\"true\" focusable=\"false\"><path d=\"M5 21c-.5 0-1-.2-1.4-.6S3 19.6 3 19V5c0-.6.2-1 .6-1.4S4.5 3 5 3h6c.3 0 .5.1.7.3.2.2.3.4.3.7 0 .3-.1.5-.3.7-.2.2-.4.3-.7.3H5v14h14v-6c0-.3.1-.5.3-.7.2-.2.4-.3.7-.3s.5.1.7.3c.2.2.3.4.3.7v6c0 .6-.2 1-.6 1.4s-.8.6-1.4.6H5zm4-6c-.2-.2-.3-.4-.3-.7s.1-.5.3-.7L17.6 5H15c-.3 0-.5-.1-.7-.3-.2-.2-.3-.4-.3-.7 0-.3.1-.5.3-.7.2-.2.4-.3.7-.3h5c.3 0 .5.1.7.3.2.2.3.4.3.7v5c0 .3-.1.5-.3.7-.2.2-.4.3-.7.3s-.5-.1-.7-.3c-.2-.2-.3-.4-.3-.7V6.4L10.4 15c-.2.2-.4.3-.7.3s-.5-.1-.7-.3z\" fill=\"currentColor\" \/><\/svg><\/span>\t\t\t<div class=\"t2-link-list-item__content\">\n\n\t\t\t\t\n\t\t\t\t<span id=\"link-list-item-text-2\" class=\"t2-link-list-item__text\">\n\t\t\t\t\tMilj\u00f8fyrt\u00e5rnrapportering 2019\t\t\t\t<\/span>\n\t\t\t\t\t\t\t<\/div>\n\t\t<\/a>\n\t<\/li>\n\t\n\n\t<li class=\"t2-link-list-item wp-block-t2-link-list-item\">\n\t\t<a\n\t\t\thref=\"https:\/\/visitbodo.com\/content\/uploads\/2024\/12\/Statistikk-Visit-Bodo-Miljofyrtarn-2020.pdf\"\n\t\t\tclass=\"t2-link-list-item__link t2-link-list__icon--left\"\n\t\t\trel=\"noreferrer noopener\" target=\"_blank\"\t\t>\n\t\t\t<span class=\"t2-link-list-item__icon\"><span class=\"t2-link-list-item__icon-box\"><\/span><svg xmlns=\"http:\/\/www.w3.org\/2000\/svg\" viewBox=\"0 0 24 24\" height=\"24\" width=\"24\" class=\"t2-icon t2-icon-linkexternal\" aria-hidden=\"true\" focusable=\"false\"><path d=\"M5 21c-.5 0-1-.2-1.4-.6S3 19.6 3 19V5c0-.6.2-1 .6-1.4S4.5 3 5 3h6c.3 0 .5.1.7.3.2.2.3.4.3.7 0 .3-.1.5-.3.7-.2.2-.4.3-.7.3H5v14h14v-6c0-.3.1-.5.3-.7.2-.2.4-.3.7-.3s.5.1.7.3c.2.2.3.4.3.7v6c0 .6-.2 1-.6 1.4s-.8.6-1.4.6H5zm4-6c-.2-.2-.3-.4-.3-.7s.1-.5.3-.7L17.6 5H15c-.3 0-.5-.1-.7-.3-.2-.2-.3-.4-.3-.7 0-.3.1-.5.3-.7.2-.2.4-.3.7-.3h5c.3 0 .5.1.7.3.2.2.3.4.3.7v5c0 .3-.1.5-.3.7-.2.2-.4.3-.7.3s-.5-.1-.7-.3c-.2-.2-.3-.4-.3-.7V6.4L10.4 15c-.2.2-.4.3-.7.3s-.5-.1-.7-.3z\" fill=\"currentColor\" \/><\/svg><\/span>\t\t\t<div class=\"t2-link-list-item__content\">\n\n\t\t\t\t\n\t\t\t\t<span id=\"link-list-item-text-3\" class=\"t2-link-list-item__text\">\n\t\t\t\t\tMilj\u00f8fyrt\u00e5rnrapportering 2020\t\t\t\t<\/span>\n\t\t\t\t\t\t\t<\/div>\n\t\t<\/a>\n\t<\/li>\n\t\n\n\t<li class=\"t2-link-list-item wp-block-t2-link-list-item\">\n\t\t<a\n\t\t\thref=\"https:\/\/visitbodo.com\/content\/uploads\/2024\/12\/Statistikk-Visit-Bodo-Miljofyrtarn-2021.pdf\"\n\t\t\tclass=\"t2-link-list-item__link t2-link-list__icon--left\"\n\t\t\trel=\"noreferrer noopener\" target=\"_blank\"\t\t>\n\t\t\t<span class=\"t2-link-list-item__icon\"><span class=\"t2-link-list-item__icon-box\"><\/span><svg xmlns=\"http:\/\/www.w3.org\/2000\/svg\" viewBox=\"0 0 24 24\" height=\"24\" width=\"24\" class=\"t2-icon t2-icon-linkexternal\" aria-hidden=\"true\" focusable=\"false\"><path d=\"M5 21c-.5 0-1-.2-1.4-.6S3 19.6 3 19V5c0-.6.2-1 .6-1.4S4.5 3 5 3h6c.3 0 .5.1.7.3.2.2.3.4.3.7 0 .3-.1.5-.3.7-.2.2-.4.3-.7.3H5v14h14v-6c0-.3.1-.5.3-.7.2-.2.4-.3.7-.3s.5.1.7.3c.2.2.3.4.3.7v6c0 .6-.2 1-.6 1.4s-.8.6-1.4.6H5zm4-6c-.2-.2-.3-.4-.3-.7s.1-.5.3-.7L17.6 5H15c-.3 0-.5-.1-.7-.3-.2-.2-.3-.4-.3-.7 0-.3.1-.5.3-.7.2-.2.4-.3.7-.3h5c.3 0 .5.1.7.3.2.2.3.4.3.7v5c0 .3-.1.5-.3.7-.2.2-.4.3-.7.3s-.5-.1-.7-.3c-.2-.2-.3-.4-.3-.7V6.4L10.4 15c-.2.2-.4.3-.7.3s-.5-.1-.7-.3z\" fill=\"currentColor\" \/><\/svg><\/span>\t\t\t<div class=\"t2-link-list-item__content\">\n\n\t\t\t\t\n\t\t\t\t<span id=\"link-list-item-text-4\" class=\"t2-link-list-item__text\">\n\t\t\t\t\tMilj\u00f8fyrt\u00e5rnrapportering 2021\t\t\t\t<\/span>\n\t\t\t\t\t\t\t<\/div>\n\t\t<\/a>\n\t<\/li>\n\t\n\n\t<li class=\"t2-link-list-item wp-block-t2-link-list-item\">\n\t\t<a\n\t\t\thref=\"https:\/\/visitbodo.com\/content\/uploads\/2024\/12\/Statistikk-Visit-Bhttps:\/\/visitbodo.com\/content\/uploads\/2024\/12\/Statistikk-Visit-Bodo-Miljofyrtarn-2022.pdfodo-Miljofyrtarn-2022.pdf\"\n\t\t\tclass=\"t2-link-list-item__link t2-link-list__icon--left\"\n\t\t\trel=\"noreferrer noopener\" target=\"_blank\"\t\t>\n\t\t\t<span class=\"t2-link-list-item__icon\"><span class=\"t2-link-list-item__icon-box\"><\/span><svg xmlns=\"http:\/\/www.w3.org\/2000\/svg\" viewBox=\"0 0 24 24\" height=\"24\" width=\"24\" class=\"t2-icon t2-icon-linkexternal\" aria-hidden=\"true\" focusable=\"false\"><path d=\"M5 21c-.5 0-1-.2-1.4-.6S3 19.6 3 19V5c0-.6.2-1 .6-1.4S4.5 3 5 3h6c.3 0 .5.1.7.3.2.2.3.4.3.7 0 .3-.1.5-.3.7-.2.2-.4.3-.7.3H5v14h14v-6c0-.3.1-.5.3-.7.2-.2.4-.3.7-.3s.5.1.7.3c.2.2.3.4.3.7v6c0 .6-.2 1-.6 1.4s-.8.6-1.4.6H5zm4-6c-.2-.2-.3-.4-.3-.7s.1-.5.3-.7L17.6 5H15c-.3 0-.5-.1-.7-.3-.2-.2-.3-.4-.3-.7 0-.3.1-.5.3-.7.2-.2.4-.3.7-.3h5c.3 0 .5.1.7.3.2.2.3.4.3.7v5c0 .3-.1.5-.3.7-.2.2-.4.3-.7.3s-.5-.1-.7-.3c-.2-.2-.3-.4-.3-.7V6.4L10.4 15c-.2.2-.4.3-.7.3s-.5-.1-.7-.3z\" fill=\"currentColor\" \/><\/svg><\/span>\t\t\t<div class=\"t2-link-list-item__content\">\n\n\t\t\t\t\n\t\t\t\t<span id=\"link-list-item-text-5\" class=\"t2-link-list-item__text\">\n\t\t\t\t\tMilj\u00f8fyrt\u00e5rnsertifisering 2022\t\t\t\t<\/span>\n\t\t\t\t\t\t\t<\/div>\n\t\t<\/a>\n\t<\/li>\n\t\n\n\t<li class=\"t2-link-list-item wp-block-t2-link-list-item\">\n\t\t<a\n\t\t\thref=\"https:\/\/visitbodo.com\/content\/uploads\/2024\/12\/Statistikk-Visit-Bodo-Miljofyrtarn-2023.pdf\"\n\t\t\tclass=\"t2-link-list-item__link t2-link-list__icon--left\"\n\t\t\trel=\"noreferrer noopener\" target=\"_blank\"\t\t>\n\t\t\t<span class=\"t2-link-list-item__icon\"><span class=\"t2-link-list-item__icon-box\"><\/span><svg xmlns=\"http:\/\/www.w3.org\/2000\/svg\" viewBox=\"0 0 24 24\" height=\"24\" width=\"24\" class=\"t2-icon t2-icon-linkexternal\" aria-hidden=\"true\" focusable=\"false\"><path d=\"M5 21c-.5 0-1-.2-1.4-.6S3 19.6 3 19V5c0-.6.2-1 .6-1.4S4.5 3 5 3h6c.3 0 .5.1.7.3.2.2.3.4.3.7 0 .3-.1.5-.3.7-.2.2-.4.3-.7.3H5v14h14v-6c0-.3.1-.5.3-.7.2-.2.4-.3.7-.3s.5.1.7.3c.2.2.3.4.3.7v6c0 .6-.2 1-.6 1.4s-.8.6-1.4.6H5zm4-6c-.2-.2-.3-.4-.3-.7s.1-.5.3-.7L17.6 5H15c-.3 0-.5-.1-.7-.3-.2-.2-.3-.4-.3-.7 0-.3.1-.5.3-.7.2-.2.4-.3.7-.3h5c.3 0 .5.1.7.3.2.2.3.4.3.7v5c0 .3-.1.5-.3.7-.2.2-.4.3-.7.3s-.5-.1-.7-.3c-.2-.2-.3-.4-.3-.7V6.4L10.4 15c-.2.2-.4.3-.7.3s-.5-.1-.7-.3z\" fill=\"currentColor\" \/><\/svg><\/span>\t\t\t<div class=\"t2-link-list-item__content\">\n\n\t\t\t\t\n\t\t\t\t<span id=\"link-list-item-text-6\" class=\"t2-link-list-item__text\">\n\t\t\t\t\tMilj\u00f8fyrt\u00e5rnsertifisering 2023\t\t\t\t<\/span>\n\t\t\t\t\t\t\t<\/div>\n\t\t<\/a>\n\t<\/li>\n\t\n<\/ul>\n\n\n<h2 class=\"wp-block-heading has-primary-dark-pink-color has-text-color\" id=\"h-du-er-kanskje-ogsa-interessert-i\">Du er kanskje ogs\u00e5 interessert i&#8230;<\/h2>\n\n\n<div class=\"t2-featured-content-layout alignwide alignwide wp-block-t2-featured-content-layout\" role=\"list\">\n<div class=\"t2-featured-single-post t2-featured-content is-post-type-page wp-block-t2-featured-single-post\" role=\"listitem\"><a class=\"t2-post-link wp-block-t2-post-link\" href=\"https:\/\/visitbodo.com\/bransjenett\/strategier\/\">\n<figure style=\"--t2-focal-point: 50% 50%;\" class=\"t2-post-featured-image has-image-ratio-16-9 wp-block-t2-post-featured-image\"><img loading=\"lazy\" decoding=\"async\" width=\"1176\" height=\"784\" src=\"https:\/\/v.imgi.no\/visitbodo-8089-b2af14d5fb7f7d516f35d74ffce4cae7-1176x784\/det-blaaser-paa-keiservarden-zdeno-dvorak.jpg\" class=\"attachment-post-thumbnail size-post-thumbnail wp-post-image\" alt=\"\" srcset=\"https:\/\/v.imgi.no\/visitbodo-8089-b2af14d5fb7f7d516f35d74ffce4cae7-150x100\/det-blaaser-paa-keiservarden-zdeno-dvorak.jpg 150w, https:\/\/v.imgi.no\/visitbodo-8089-b2af14d5fb7f7d516f35d74ffce4cae7-300x200\/det-blaaser-paa-keiservarden-zdeno-dvorak.jpg 300w, https:\/\/v.imgi.no\/visitbodo-8089-b2af14d5fb7f7d516f35d74ffce4cae7-768x512\/det-blaaser-paa-keiservarden-zdeno-dvorak.jpg 768w, https:\/\/v.imgi.no\/visitbodo-8089-b2af14d5fb7f7d516f35d74ffce4cae7-1024x683\/det-blaaser-paa-keiservarden-zdeno-dvorak.jpg 1024w, https:\/\/v.imgi.no\/visitbodo-8089-b2af14d5fb7f7d516f35d74ffce4cae7-1536x1024\/det-blaaser-paa-keiservarden-zdeno-dvorak.jpg 1536w, https:\/\/v.imgi.no\/visitbodo-8089-b2af14d5fb7f7d516f35d74ffce4cae7-2048x1365\/det-blaaser-paa-keiservarden-zdeno-dvorak.jpg 2048w, https:\/\/v.imgi.no\/visitbodo-8089-b2af14d5fb7f7d516f35d74ffce4cae7-1176x784\/det-blaaser-paa-keiservarden-zdeno-dvorak.jpg 1176w, https:\/\/v.imgi.no\/visitbodo-8089-b2af14d5fb7f7d516f35d74ffce4cae7-1920x1280\/det-blaaser-paa-keiservarden-zdeno-dvorak.jpg 1920w\" sizes=\"auto, (max-width: 2048px) 100vw, 2048px\" \/><\/figure>\n\n<div class=\"wp-block-group card-details is-layout-flow wp-block-group-is-layout-flow\">\n\t<h2 class=\"t2-post-title wp-block-t2-post-title\">Planer &#038; Strategier<\/h2>\n\t<!-- No category found. -->\n<\/div>\n\n<\/a>\n<\/div>\n\n<div class=\"t2-featured-single-post t2-featured-content is-post-type-page wp-block-t2-featured-single-post\" role=\"listitem\"><a class=\"t2-post-link wp-block-t2-post-link\" href=\"https:\/\/visitbodo.com\/bransjenett\/masterplan-salten\/\">\n<figure style=\"--t2-focal-point: 50% 50%;\" class=\"t2-post-featured-image has-image-ratio-16-9 wp-block-t2-post-featured-image\"><img loading=\"lazy\" decoding=\"async\" width=\"1176\" height=\"784\" src=\"https:\/\/v.imgi.no\/visitbodo-2557-6c144b97d8e72e1f2f31d0496c972845-1176x784\/2022_05_fjellsykling-i-salten-gjerdalenfoto-sigurd-pedersen-eirik-pettersen-52-2-kopi-1-scaled.jpg\" class=\"attachment-post-thumbnail size-post-thumbnail wp-post-image\" alt=\"\" srcset=\"https:\/\/v.imgi.no\/visitbodo-2557-6c144b97d8e72e1f2f31d0496c972845-150x100\/2022_05_fjellsykling-i-salten-gjerdalenfoto-sigurd-pedersen-eirik-pettersen-52-2-kopi-1-scaled.jpg 150w, https:\/\/v.imgi.no\/visitbodo-2557-6c144b97d8e72e1f2f31d0496c972845-300x200\/2022_05_fjellsykling-i-salten-gjerdalenfoto-sigurd-pedersen-eirik-pettersen-52-2-kopi-1-scaled.jpg 300w, https:\/\/v.imgi.no\/visitbodo-2557-6c144b97d8e72e1f2f31d0496c972845-768x512\/2022_05_fjellsykling-i-salten-gjerdalenfoto-sigurd-pedersen-eirik-pettersen-52-2-kopi-1-scaled.jpg 768w, https:\/\/v.imgi.no\/visitbodo-2557-6c144b97d8e72e1f2f31d0496c972845-1024x683\/2022_05_fjellsykling-i-salten-gjerdalenfoto-sigurd-pedersen-eirik-pettersen-52-2-kopi-1-scaled.jpg 1024w, https:\/\/v.imgi.no\/visitbodo-2557-6c144b97d8e72e1f2f31d0496c972845-1536x1024\/2022_05_fjellsykling-i-salten-gjerdalenfoto-sigurd-pedersen-eirik-pettersen-52-2-kopi-1-scaled.jpg 1536w, https:\/\/v.imgi.no\/visitbodo-2557-6c144b97d8e72e1f2f31d0496c972845-2048x1366\/2022_05_fjellsykling-i-salten-gjerdalenfoto-sigurd-pedersen-eirik-pettersen-52-2-kopi-1-scaled.jpg 2048w, https:\/\/v.imgi.no\/visitbodo-2557-6c144b97d8e72e1f2f31d0496c972845-1176x784\/2022_05_fjellsykling-i-salten-gjerdalenfoto-sigurd-pedersen-eirik-pettersen-52-2-kopi-1-scaled.jpg 1176w, https:\/\/v.imgi.no\/visitbodo-2557-6c144b97d8e72e1f2f31d0496c972845-1920x1280\/2022_05_fjellsykling-i-salten-gjerdalenfoto-sigurd-pedersen-eirik-pettersen-52-2-kopi-1-scaled.jpg 1920w\" sizes=\"auto, (max-width: 2048px) 100vw, 2048px\" \/><\/figure>\n\n<div class=\"wp-block-group card-details is-layout-flow wp-block-group-is-layout-flow\">\n\t<h2 class=\"t2-post-title wp-block-t2-post-title\">Masterplan Salten<\/h2>\n\t<!-- No category found. -->\n<\/div>\n\n<\/a>\n<\/div>\n\n<div class=\"t2-featured-single-post t2-featured-content is-post-type-page wp-block-t2-featured-single-post\" role=\"listitem\"><a class=\"t2-post-link wp-block-t2-post-link\" href=\"https:\/\/visitbodo.com\/bransjenett\/bli-premium-partner-i-visit-bodo\/\">\n<figure style=\"--t2-focal-point: 50% 50%;\" class=\"t2-post-featured-image has-image-ratio-16-9 wp-block-t2-post-featured-image\"><img loading=\"lazy\" decoding=\"async\" width=\"1176\" height=\"840\" src=\"https:\/\/v.imgi.no\/visitbodo-15818-892008d9d935858d2299f4d45c32169a-1176x840\/ntw__03.jpg\" class=\"attachment-post-thumbnail size-post-thumbnail wp-post-image\" alt=\"\" srcset=\"https:\/\/v.imgi.no\/visitbodo-15818-892008d9d935858d2299f4d45c32169a-150x107\/ntw__03.jpg 150w, https:\/\/v.imgi.no\/visitbodo-15818-892008d9d935858d2299f4d45c32169a-300x214\/ntw__03.jpg 300w, https:\/\/v.imgi.no\/visitbodo-15818-892008d9d935858d2299f4d45c32169a-768x548\/ntw__03.jpg 768w, https:\/\/v.imgi.no\/visitbodo-15818-892008d9d935858d2299f4d45c32169a-1024x731\/ntw__03.jpg 1024w, https:\/\/v.imgi.no\/visitbodo-15818-892008d9d935858d2299f4d45c32169a-1536x1097\/ntw__03.jpg 1536w, https:\/\/v.imgi.no\/visitbodo-15818-892008d9d935858d2299f4d45c32169a-2048x1463\/ntw__03.jpg 2048w, https:\/\/v.imgi.no\/visitbodo-15818-892008d9d935858d2299f4d45c32169a-1176x840\/ntw__03.jpg 1176w, https:\/\/v.imgi.no\/visitbodo-15818-892008d9d935858d2299f4d45c32169a-1920x1371\/ntw__03.jpg 1920w\" sizes=\"auto, (max-width: 2048px) 100vw, 2048px\" \/><\/figure>\n\n<div class=\"wp-block-group card-details is-layout-flow wp-block-group-is-layout-flow\">\n\t<h2 class=\"t2-post-title wp-block-t2-post-title\">Bli Premium-partner i Visit Bod\u00f8<\/h2>\n\t<!-- No category found. -->\n<\/div>\n\n<\/a>\n<\/div>\n<\/div>","protected":false},"excerpt":{"rendered":"<p>B\u00e6rekraftig reisem\u00e5lsutvikling Bod\u00f8 er merket som b\u00e6rekraftig reisem\u00e5l. Dette er en nasjonal merkeordning etablert av Innovasjon Norge, og gjelder hele destinasjonen Bod\u00f8 \u2013 ikke \u00e9n enkelt bedrift eller organisasjon. Bod\u00f8 oppn\u00e5dde f\u00f8rste gang merket for B\u00e6rekraftig reisem\u00e5l i september 2022. Vi ble remerket i september 2025.&nbsp; Hva inneb\u00e6rer merket? M\u00e5let er at Bod\u00f8 skal v\u00e6re [&hellip;]<\/p>\n","protected":false},"author":10,"featured_media":2614,"parent":0,"menu_order":0,"comment_status":"closed","ping_status":"closed","template":"","meta":{"_trash_the_other_posts":false,"t2_hide_was_this_helpful":false,"vlb_sustainable_destination_logo":true,"vlb_green_travel_logo":false,"vlb_location_geodata_lat":0,"vlb_location_geodata_lng":0,"editor_notices":[],"footnotes":""},"cbis_category":[],"cbis_attribute":[],"destination_cat":[],"season_cat":[],"topic_cat":[],"target-audience":[],"class_list":["post-16415","page","type-page","status-publish","has-post-thumbnail","hentry"],"yoast_head":"<!-- This site is optimized with the Yoast SEO Premium plugin v21.9 (Yoast SEO v21.9.1) - https:\/\/yoast.com\/wordpress\/plugins\/seo\/ -->\n<title>B\u00e6rekraft - Bransjenett<\/title>\n<meta name=\"description\" content=\"Vi jobber for en helhetlig og ansvarlig utvikling av reiselivet i Bod\u00f8 og Salten \u2013 i tett samarbeid med n\u00e6ringsliv, kommuner og lokalsamfunn. Her finner du oversikt over v\u00e5re viktigste b\u00e6rekraftstiltak og relevant dokumentasjon.\" \/>\n<meta name=\"robots\" content=\"index, follow, max-snippet:-1, max-image-preview:large, max-video-preview:-1\" \/>\n<link rel=\"canonical\" href=\"https:\/\/visitbodo.com\/bransjenett\/baerekraft\/\" \/>\n<meta property=\"og:locale\" content=\"nb_NO\" \/>\n<meta property=\"og:type\" content=\"article\" \/>\n<meta property=\"og:title\" content=\"B\u00e6rekraft\" \/>\n<meta property=\"og:description\" content=\"Vi jobber for en helhetlig og ansvarlig utvikling av reiselivet i Bod\u00f8 og Salten \u2013 i tett samarbeid med n\u00e6ringsliv, kommuner og lokalsamfunn. Her finner du oversikt over v\u00e5re viktigste b\u00e6rekraftstiltak og relevant dokumentasjon.\" \/>\n<meta property=\"og:url\" content=\"https:\/\/visitbodo.com\/bransjenett\/baerekraft\/\" \/>\n<meta property=\"og:site_name\" content=\"Bransjenett\" \/>\n<meta property=\"article:modified_time\" content=\"2025-09-26T10:34:19+00:00\" \/>\n<meta property=\"og:image\" content=\"https:\/\/v.imgi.no\/visitbodo-2614-703636044fcdd1a73a4343633626de93-1024x819\/2022_05_steigen_engeloya_trohornet001_frank-r-dahl-kopi-scaled.jpg\" \/>\n\t<meta property=\"og:image:width\" content=\"1024\" \/>\n\t<meta property=\"og:image:height\" content=\"819\" \/>\n\t<meta property=\"og:image:type\" content=\"image\/jpeg\" \/><meta property=\"og:image\" content=\"https:\/\/v.imgi.no\/visitbodo-2614-703636044fcdd1a73a4343633626de93-1176x940\/2022_05_steigen_engeloya_trohornet001_frank-r-dahl-kopi-scaled.jpg\" \/>\n<meta name=\"twitter:card\" content=\"summary_large_image\" \/>\n<meta name=\"twitter:label1\" content=\"Ansl. lesetid\" \/>\n\t<meta name=\"twitter:data1\" content=\"3 minutter\" \/>\n<script type=\"application\/ld+json\" class=\"yoast-schema-graph\">{\"@context\":\"https:\/\/schema.org\",\"@graph\":[{\"@type\":\"WebPage\",\"@id\":\"https:\/\/visitbodo.com\/bransjenett\/baerekraft\/\",\"url\":\"https:\/\/visitbodo.com\/bransjenett\/baerekraft\/\",\"name\":\"B\u00e6rekraft - Bransjenett\",\"isPartOf\":{\"@id\":\"https:\/\/visitbodo.com\/bransjenett\/#website\"},\"datePublished\":\"2025-08-07T10:31:32+00:00\",\"dateModified\":\"2025-09-26T10:34:19+00:00\",\"description\":\"Vi jobber for en helhetlig og ansvarlig utvikling av reiselivet i Bod\u00f8 og Salten \u2013 i tett samarbeid med n\u00e6ringsliv, kommuner og lokalsamfunn. Her finner du oversikt over v\u00e5re viktigste b\u00e6rekraftstiltak og relevant dokumentasjon.\",\"breadcrumb\":{\"@id\":\"https:\/\/visitbodo.com\/bransjenett\/baerekraft\/#breadcrumb\"},\"inLanguage\":\"nb-NO\",\"potentialAction\":[{\"@type\":\"ReadAction\",\"target\":[\"https:\/\/visitbodo.com\/bransjenett\/baerekraft\/\"]}]},{\"@type\":\"BreadcrumbList\",\"@id\":\"https:\/\/visitbodo.com\/bransjenett\/baerekraft\/#breadcrumb\",\"itemListElement\":[{\"@type\":\"ListItem\",\"position\":1,\"name\":\"Home\",\"item\":\"https:\/\/visitbodo.com\/bransjenett\/\"},{\"@type\":\"ListItem\",\"position\":2,\"name\":\"B\u00e6rekraft\"}]},{\"@type\":\"WebSite\",\"@id\":\"https:\/\/visitbodo.com\/bransjenett\/#website\",\"url\":\"https:\/\/visitbodo.com\/bransjenett\/\",\"name\":\"Bransjenett\",\"description\":\"Visit Bod\u00f8 Bransjenett - for reiselivsn\u00e6ringen i Bod\u00f8 &amp; Salten\",\"publisher\":{\"@id\":\"https:\/\/visitbodo.com\/bransjenett\/#organization\"},\"potentialAction\":[{\"@type\":\"SearchAction\",\"target\":{\"@type\":\"EntryPoint\",\"urlTemplate\":\"https:\/\/visitbodo.com\/bransjenett\/?s={search_term_string}\"},\"query-input\":\"required name=search_term_string\"}],\"inLanguage\":\"nb-NO\"},{\"@type\":\"Organization\",\"@id\":\"https:\/\/visitbodo.com\/bransjenett\/#organization\",\"name\":\"Bransjenett\",\"url\":\"https:\/\/visitbodo.com\/bransjenett\/\",\"logo\":{\"@type\":\"ImageObject\",\"inLanguage\":\"nb-NO\",\"@id\":\"https:\/\/visitbodo.com\/bransjenett\/#\/schema\/logo\/image\/\",\"url\":\"https:\/\/v.imgi.no\/visitbodo-16257-d30ee3fec75d9ae0d56e1a07ec7663ca-330x159\/logo_winter_negative.jpg\",\"contentUrl\":\"https:\/\/v.imgi.no\/visitbodo-16257-d30ee3fec75d9ae0d56e1a07ec7663ca-330x159\/logo_winter_negative.jpg\",\"caption\":\"Bransjenett\"},\"image\":{\"@id\":\"https:\/\/visitbodo.com\/bransjenett\/#\/schema\/logo\/image\/\"}}]}<\/script>\n<!-- \/ Yoast SEO Premium plugin. -->","yoast_head_json":{"title":"B\u00e6rekraft - Bransjenett","description":"Vi jobber for en helhetlig og ansvarlig utvikling av reiselivet i Bod\u00f8 og Salten \u2013 i tett samarbeid med n\u00e6ringsliv, kommuner og lokalsamfunn. Her finner du oversikt over v\u00e5re viktigste b\u00e6rekraftstiltak og relevant dokumentasjon.","robots":{"index":"index","follow":"follow","max-snippet":"max-snippet:-1","max-image-preview":"max-image-preview:large","max-video-preview":"max-video-preview:-1"},"canonical":"https:\/\/visitbodo.com\/bransjenett\/baerekraft\/","og_locale":"nb_NO","og_type":"article","og_title":"B\u00e6rekraft","og_description":"Vi jobber for en helhetlig og ansvarlig utvikling av reiselivet i Bod\u00f8 og Salten \u2013 i tett samarbeid med n\u00e6ringsliv, kommuner og lokalsamfunn. Her finner du oversikt over v\u00e5re viktigste b\u00e6rekraftstiltak og relevant dokumentasjon.","og_url":"https:\/\/visitbodo.com\/bransjenett\/baerekraft\/","og_site_name":"Bransjenett","article_modified_time":"2025-09-26T10:34:19+00:00","og_image":[{"url":"https:\/\/v.imgi.no\/visitbodo-2614-703636044fcdd1a73a4343633626de93-1024x819\/2022_05_steigen_engeloya_trohornet001_frank-r-dahl-kopi-scaled.jpg","width":1024,"height":819,"type":"image\/jpeg"},{"url":"https:\/\/v.imgi.no\/visitbodo-2614-703636044fcdd1a73a4343633626de93-1176x940\/2022_05_steigen_engeloya_trohornet001_frank-r-dahl-kopi-scaled.jpg"}],"twitter_card":"summary_large_image","twitter_misc":{"Ansl. lesetid":"3 minutter"},"schema":{"@context":"https:\/\/schema.org","@graph":[{"@type":"WebPage","@id":"https:\/\/visitbodo.com\/bransjenett\/baerekraft\/","url":"https:\/\/visitbodo.com\/bransjenett\/baerekraft\/","name":"B\u00e6rekraft - Bransjenett","isPartOf":{"@id":"https:\/\/visitbodo.com\/bransjenett\/#website"},"datePublished":"2025-08-07T10:31:32+00:00","dateModified":"2025-09-26T10:34:19+00:00","description":"Vi jobber for en helhetlig og ansvarlig utvikling av reiselivet i Bod\u00f8 og Salten \u2013 i tett samarbeid med n\u00e6ringsliv, kommuner og lokalsamfunn. Her finner du oversikt over v\u00e5re viktigste b\u00e6rekraftstiltak og relevant dokumentasjon.","breadcrumb":{"@id":"https:\/\/visitbodo.com\/bransjenett\/baerekraft\/#breadcrumb"},"inLanguage":"nb-NO","potentialAction":[{"@type":"ReadAction","target":["https:\/\/visitbodo.com\/bransjenett\/baerekraft\/"]}]},{"@type":"BreadcrumbList","@id":"https:\/\/visitbodo.com\/bransjenett\/baerekraft\/#breadcrumb","itemListElement":[{"@type":"ListItem","position":1,"name":"Home","item":"https:\/\/visitbodo.com\/bransjenett\/"},{"@type":"ListItem","position":2,"name":"B\u00e6rekraft"}]},{"@type":"WebSite","@id":"https:\/\/visitbodo.com\/bransjenett\/#website","url":"https:\/\/visitbodo.com\/bransjenett\/","name":"Bransjenett","description":"Visit Bod\u00f8 Bransjenett - for reiselivsn\u00e6ringen i Bod\u00f8 &amp; Salten","publisher":{"@id":"https:\/\/visitbodo.com\/bransjenett\/#organization"},"potentialAction":[{"@type":"SearchAction","target":{"@type":"EntryPoint","urlTemplate":"https:\/\/visitbodo.com\/bransjenett\/?s={search_term_string}"},"query-input":"required name=search_term_string"}],"inLanguage":"nb-NO"},{"@type":"Organization","@id":"https:\/\/visitbodo.com\/bransjenett\/#organization","name":"Bransjenett","url":"https:\/\/visitbodo.com\/bransjenett\/","logo":{"@type":"ImageObject","inLanguage":"nb-NO","@id":"https:\/\/visitbodo.com\/bransjenett\/#\/schema\/logo\/image\/","url":"https:\/\/v.imgi.no\/visitbodo-16257-d30ee3fec75d9ae0d56e1a07ec7663ca-330x159\/logo_winter_negative.jpg","contentUrl":"https:\/\/v.imgi.no\/visitbodo-16257-d30ee3fec75d9ae0d56e1a07ec7663ca-330x159\/logo_winter_negative.jpg","caption":"Bransjenett"},"image":{"@id":"https:\/\/visitbodo.com\/bransjenett\/#\/schema\/logo\/image\/"}}]}},"_links":{"self":[{"href":"https:\/\/visitbodo.com\/bransjenett\/wp-json\/wp\/v2\/pages\/16415","targetHints":{"allow":["GET"]}}],"collection":[{"href":"https:\/\/visitbodo.com\/bransjenett\/wp-json\/wp\/v2\/pages"}],"about":[{"href":"https:\/\/visitbodo.com\/bransjenett\/wp-json\/wp\/v2\/types\/page"}],"author":[{"embeddable":true,"href":"https:\/\/visitbodo.com\/bransjenett\/wp-json\/wp\/v2\/users\/10"}],"replies":[{"embeddable":true,"href":"https:\/\/visitbodo.com\/bransjenett\/wp-json\/wp\/v2\/comments?post=16415"}],"version-history":[{"count":8,"href":"https:\/\/visitbodo.com\/bransjenett\/wp-json\/wp\/v2\/pages\/16415\/revisions"}],"predecessor-version":[{"id":16757,"href":"https:\/\/visitbodo.com\/bransjenett\/wp-json\/wp\/v2\/pages\/16415\/revisions\/16757"}],"wp:featuredmedia":[{"embeddable":true,"href":"https:\/\/visitbodo.com\/bransjenett\/wp-json\/wp\/v2\/media\/2614"}],"wp:attachment":[{"href":"https:\/\/visitbodo.com\/bransjenett\/wp-json\/wp\/v2\/media?parent=16415"}],"wp:term":[{"taxonomy":"cbis_category","embeddable":true,"href":"https:\/\/visitbodo.com\/bransjenett\/wp-json\/wp\/v2\/cbis_category?post=16415"},{"taxonomy":"cbis_attribute","embeddable":true,"href":"https:\/\/visitbodo.com\/bransjenett\/wp-json\/wp\/v2\/cbis_attribute?post=16415"},{"taxonomy":"destination_cat","embeddable":true,"href":"https:\/\/visitbodo.com\/bransjenett\/wp-json\/wp\/v2\/destination_cat?post=16415"},{"taxonomy":"season_cat","embeddable":true,"href":"https:\/\/visitbodo.com\/bransjenett\/wp-json\/wp\/v2\/season_cat?post=16415"},{"taxonomy":"topic_cat","embeddable":true,"href":"https:\/\/visitbodo.com\/bransjenett\/wp-json\/wp\/v2\/topic_cat?post=16415"},{"taxonomy":"target-audience","embeddable":true,"href":"https:\/\/visitbodo.com\/bransjenett\/wp-json\/wp\/v2\/target-audience?post=16415"}],"curies":[{"name":"wp","href":"https:\/\/api.w.org\/{rel}","templated":true}]}}